{"id":1055,"date":"2017-02-13T19:23:23","date_gmt":"2017-02-13T19:23:23","guid":{"rendered":"http:\/\/frsf-nl.de\/?page_id=1055"},"modified":"2017-07-25T15:07:17","modified_gmt":"2017-07-25T15:07:17","slug":"informationen-besucher","status":"publish","type":"page","link":"https:\/\/frsf-nl.de\/?page_id=1055","title":{"rendered":"Informationen Besucher"},"content":{"rendered":"<h1>Fr\u00e4nkische Meisterschaften 28.7.-30.7. 2017<\/h1>\n<p>Am Wochenende vom\u00a028.7.-30.7. 2017 wird Niederlindach wieder ein Sammelpunkt f\u00fcr die besten Gespannfahrer aus ganz S\u00fcddeutschland, die ihr K\u00f6nnen und Geschick in drei unterschiedlichen Teilpr\u00fcfungen unter Bewei\u00df stellen m\u00fcssen!<br \/>\nWir freuen uns auf wundersch\u00f6ne und elegante Pferde und W\u00e4gen in der Dressur, rasante und faszinierende Man\u00f6ver im Gel\u00e4ndefahren und spannende Fahrten im Kegelfahren!<br \/>\nKommen Sie vorbei und erleben Sie einen Pferdesport der Tradition und Spannung verbindet! (weitere Informationen zum Fahrsport finden Sie <a title=\"hier\" href=\"http:\/\/frsf-nl.de\/?page_id=928\">hier<\/a>)<br \/>\nDie Veranstaltung auf Facebook finden Sie <a href=\"https:\/\/www.facebook.com\/FraenkischeMeisterschaften2017\/ \">hier<\/a>.<\/p>\n<p><a href=\"http:\/\/frsf-nl.de\/wp-content\/uploads\/2016\/07\/k-DSCF7188.jpg\"><img loading=\"lazy\" decoding=\"async\" class=\"alignnone size-medium wp-image-1027\" alt=\"k-DSCF7188\" src=\"http:\/\/frsf-nl.de\/wp-content\/uploads\/2016\/07\/k-DSCF7188-430x500.jpg\" width=\"430\" height=\"500\" srcset=\"https:\/\/frsf-nl.de\/wp-content\/uploads\/2016\/07\/k-DSCF7188-430x500.jpg 430w, https:\/\/frsf-nl.de\/wp-content\/uploads\/2016\/07\/k-DSCF7188-258x300.jpg 258w, https:\/\/frsf-nl.de\/wp-content\/uploads\/2016\/07\/k-DSCF7188.jpg 689w\" sizes=\"(max-width: 430px) 100vw, 430px\" \/><\/a><\/p>\n<p><strong>Programm:<br \/>\n<\/strong>Donnerstag 27.7.: \u00a0 Fahrerempfang<br \/>\nFreitag 28.7.: \u00a0 \u00a0 \u00a0 \u00a0 \u00a0 ganzt\u00e4gig Dressurpr\u00fcfungen<br \/>\nSamstag 29.7.: \u00a0 \u00a0 \u00a0 \u00a0ab ca 10 Uhr Gel\u00e4ndefahren<br \/>\nSonntag 30.7.: \u00a0 \u00a0 \u00a0 \u00a0 ganzt\u00e4gig Kegelfahren<\/p>\n<p><a href=\"http:\/\/frsf-nl.de\/wp-content\/uploads\/2015\/06\/k-DSCF6431.jpg\"><img loading=\"lazy\" decoding=\"async\" class=\"alignnone size-medium wp-image-902\" alt=\"k-DSCF6431\" src=\"http:\/\/frsf-nl.de\/wp-content\/uploads\/2015\/06\/k-DSCF6431-500x326.jpg\" width=\"500\" height=\"326\" srcset=\"https:\/\/frsf-nl.de\/wp-content\/uploads\/2015\/06\/k-DSCF6431-500x326.jpg 500w, https:\/\/frsf-nl.de\/wp-content\/uploads\/2015\/06\/k-DSCF6431-459x300.jpg 459w, https:\/\/frsf-nl.de\/wp-content\/uploads\/2015\/06\/k-DSCF6431.jpg 1024w\" sizes=\"(max-width: 500px) 100vw, 500px\" \/><\/a><\/p>\n<p><strong>Verpflegung:<\/strong><br \/>\n<span style=\"text-decoration: underline;\">Freitag:<\/span>\u00a0fr\u00e4nkische Spezialit\u00e4ten vom Grill, Kaffee und Kuchen, Abendessen im Sportheim Niederlindach<br \/>\n<span style=\"text-decoration: underline;\">Samstag:<\/span> fr\u00e4nkische Spezialit\u00e4ten vom Grill, Kaffee und Kuchen, fr\u00e4nkisches Abendessen<br \/>\n<span style=\"text-decoration: underline;\">Sonntag:<\/span> fr\u00e4nkisches Mittagessen, Kaffee und Kuchen am Fahrplatz<\/p>\n<p><a href=\"http:\/\/frsf-nl.de\/wp-content\/uploads\/2014\/08\/k-DSCF8886.jpg\"><img loading=\"lazy\" decoding=\"async\" class=\"alignnone size-medium wp-image-793\" alt=\"k-DSCF8886\" src=\"http:\/\/frsf-nl.de\/wp-content\/uploads\/2014\/08\/k-DSCF8886-500x395.jpg\" width=\"500\" height=\"395\" srcset=\"https:\/\/frsf-nl.de\/wp-content\/uploads\/2014\/08\/k-DSCF8886-500x395.jpg 500w, https:\/\/frsf-nl.de\/wp-content\/uploads\/2014\/08\/k-DSCF8886-379x300.jpg 379w, https:\/\/frsf-nl.de\/wp-content\/uploads\/2014\/08\/k-DSCF8886.jpg 800w\" sizes=\"(max-width: 500px) 100vw, 500px\" \/><\/a><\/p>\n<p><strong>Barbetrieb mit DJ:<\/strong><br \/>\n<span style=\"text-decoration: underline;\">Freitag<\/span> im Sportheim Niederlindach<br \/>\n<span style=\"text-decoration: underline;\">Samstag<\/span> im Zelt am Fahrplatz<\/p>\n<p><strong>Anfahrt:<\/strong> R\u00f6ttenbacher Weg, 91093 Niederlindach \u00a0&#8211; \u00a0<a href=\"https:\/\/goo.gl\/maps\/8BUjZ4WhirR2\">Google Maps<\/a><a href=\"http:\/\/frsf-nl.de\/wp-content\/uploads\/2017\/07\/Hindernisse+-Abfahrplatz.png\"><img loading=\"lazy\" decoding=\"async\" class=\"alignnone size-medium wp-image-1271\" alt=\"Hindernisse+ Abfahrplatz\" src=\"http:\/\/frsf-nl.de\/wp-content\/uploads\/2017\/07\/Hindernisse+-Abfahrplatz-500x410.png\" width=\"500\" height=\"410\" srcset=\"https:\/\/frsf-nl.de\/wp-content\/uploads\/2017\/07\/Hindernisse+-Abfahrplatz-500x410.png 500w, https:\/\/frsf-nl.de\/wp-content\/uploads\/2017\/07\/Hindernisse+-Abfahrplatz-365x300.png 365w, https:\/\/frsf-nl.de\/wp-content\/uploads\/2017\/07\/Hindernisse+-Abfahrplatz.png 654w\" sizes=\"(max-width: 500px) 100vw, 500px\" \/><\/a><\/p>\n","protected":false},"excerpt":{"rendered":"<p>Fr\u00e4nkische Meisterschaften 28.7.-30.7. 2017 Am Wochenende vom\u00a028.7.-30.7. 2017 wird Niederlindach wieder ein Sammelpunkt f\u00fcr die besten Gespannfahrer aus ganz S\u00fcddeutschland, die ihr K\u00f6nnen und Geschick in drei unterschiedlichen Teilpr\u00fcfungen unter Bewei\u00df stellen m\u00fcssen! Wir freuen uns auf wundersch\u00f6ne und elegante &hellip; <a href=\"https:\/\/frsf-nl.de\/?page_id=1055\">Weiterlesen <span class=\"meta-nav\">&rarr;<\/span><\/a><\/p>\n","protected":false},"author":2,"featured_media":0,"parent":0,"menu_order":0,"comment_status":"closed","ping_status":"closed","template":"","meta":{"footnotes":""},"class_list":["post-1055","page","type-page","status-publish","hentry"],"_links":{"self":[{"href":"https:\/\/frsf-nl.de\/index.php?rest_route=\/wp\/v2\/pages\/1055"}],"collection":[{"href":"https:\/\/frsf-nl.de\/index.php?rest_route=\/wp\/v2\/pages"}],"about":[{"href":"https:\/\/frsf-nl.de\/index.php?rest_route=\/wp\/v2\/types\/page"}],"author":[{"embeddable":true,"href":"https:\/\/frsf-nl.de\/index.php?rest_route=\/wp\/v2\/users\/2"}],"replies":[{"embeddable":true,"href":"https:\/\/frsf-nl.de\/index.php?rest_route=%2Fwp%2Fv2%2Fcomments&post=1055"}],"version-history":[{"count":16,"href":"https:\/\/frsf-nl.de\/index.php?rest_route=\/wp\/v2\/pages\/1055\/revisions"}],"predecessor-version":[{"id":1063,"href":"https:\/\/frsf-nl.de\/index.php?rest_route=\/wp\/v2\/pages\/1055\/revisions\/1063"}],"wp:attachment":[{"href":"https:\/\/frsf-nl.de\/index.php?rest_route=%2Fwp%2Fv2%2Fmedia&parent=1055"}],"curies":[{"name":"wp","href":"https:\/\/api.w.org\/{rel}","templated":true}]}}